{"id":784,"date":"2023-11-03T14:50:18","date_gmt":"2023-11-03T14:50:18","guid":{"rendered":"https:\/\/ponet-law.be\/?page_id=784"},"modified":"2025-07-23T15:29:05","modified_gmt":"2025-07-23T15:29:05","slug":"avocat-droit-des-assurances-responsabilite-anvers","status":"publish","type":"page","link":"https:\/\/ponet-law.be\/fr\/avocat-droit-des-assurances-responsabilite-anvers\/","title":{"rendered":"Droit des assurances et droit de la responsabilit\u00e9"},"content":{"rendered":"<p><div class=\"fusion-fullwidth fullwidth-box fusion-builder-row-1 fusion-flex-container has-pattern-background has-mask-background fusion-parallax-none hundred-percent-fullwidth non-hundred-percent-height-scrolling fusion-no-small-visibility lazyload\" style=\"--awb-background-position:center top;--awb-background-blend-mode:multiply;--awb-border-radius-top-left:0px;--awb-border-radius-top-right:0px;--awb-border-radius-bottom-right:0px;--awb-border-radius-bottom-left:0px;--awb-padding-right:60px;--awb-padding-left:60px;--awb-min-height:580px;--awb-background-color:rgba(147,171,198,0.21);--awb-background-size:cover;--awb-flex-wrap:wrap;\" data-bg=\"https:\/\/ponet-law.be\/wp-content\/uploads\/2023\/10\/Ponet-web-banner-all2.jpg\" ><div class=\"fusion-builder-row fusion-row fusion-flex-align-items-center fusion-flex-align-content-center fusion-flex-justify-content-center fusion-flex-content-wrap\" style=\"width:104% !important;max-width:104% !important;margin-left: calc(-4% \/ 2 );margin-right: calc(-4% \/ 2 );\"><div class=\"fusion-layout-column fusion_builder_column fusion-builder-column-0 fusion_builder_column_1_1 1_1 fusion-flex-column\" style=\"--awb-bg-size:cover;--awb-width-large:100%;--awb-margin-top-large:0px;--awb-spacing-right-large:1.92%;--awb-margin-bottom-large:20px;--awb-spacing-left-large:1.92%;--awb-width-medium:100%;--awb-order-medium:0;--awb-spacing-right-medium:1.92%;--awb-spacing-left-medium:1.92%;--awb-width-small:100%;--awb-order-small:0;--awb-spacing-right-small:1.92%;--awb-spacing-left-small:1.92%;\" data-scroll-devices=\"small-visibility,medium-visibility,large-visibility\"><div class=\"fusion-column-wrapper fusion-column-has-shadow fusion-flex-justify-content-center fusion-content-layout-column\"><div class=\"fusion-separator fusion-full-width-sep\" style=\"align-self: center;margin-left: auto;margin-right: auto;margin-top:5%;width:100%;\"><\/div><div class=\"fusion-text fusion-text-1 fusion-animated\" style=\"--awb-font-size:40px;--awb-line-height:1.1;--awb-text-transform:uppercase;--awb-text-color:#ffffff;--awb-text-font-family:&quot;Nunito Sans&quot;;--awb-text-font-style:normal;--awb-text-font-weight:200;\" data-animationType=\"fadeInLeft\" data-animationDuration=\"0.3\" data-animationOffset=\"top-into-view\"><p style=\"text-align: center;\">Droit des assurances et de la responsabilit\u00e9<\/p>\n<\/div><\/div><\/div><\/div><\/div><div class=\"fusion-fullwidth fullwidth-box fusion-builder-row-2 fusion-flex-container has-pattern-background has-mask-background nonhundred-percent-fullwidth non-hundred-percent-height-scrolling\" style=\"--awb-border-radius-top-left:0px;--awb-border-radius-top-right:0px;--awb-border-radius-bottom-right:0px;--awb-border-radius-bottom-left:0px;--awb-margin-top:5%;--awb-flex-wrap:wrap;\" ><div class=\"fusion-builder-row fusion-row fusion-flex-align-items-flex-start fusion-flex-content-wrap\" style=\"max-width:1216.8px;margin-left: calc(-4% \/ 2 );margin-right: calc(-4% \/ 2 );\"><div class=\"fusion-layout-column fusion_builder_column fusion-builder-column-1 fusion_builder_column_4_5 4_5 fusion-flex-column\" style=\"--awb-bg-size:cover;--awb-width-large:80%;--awb-margin-top-large:0px;--awb-spacing-right-large:3.6%;--awb-margin-bottom-large:20px;--awb-spacing-left-large:2.4%;--awb-width-medium:80%;--awb-order-medium:0;--awb-spacing-right-medium:3.6%;--awb-spacing-left-medium:2.4%;--awb-width-small:100%;--awb-order-small:0;--awb-spacing-right-small:1.92%;--awb-spacing-left-small:1.92%;\" data-scroll-devices=\"small-visibility,medium-visibility,large-visibility\"><div class=\"fusion-column-wrapper fusion-column-has-shadow fusion-flex-justify-content-flex-start fusion-content-layout-column\"><div class=\"fusion-builder-row fusion-builder-row-inner fusion-row fusion-flex-align-items-flex-start fusion-flex-content-wrap\" style=\"--awb-flex-grow:0;--awb-flex-grow-medium:0;--awb-flex-grow-small:0;--awb-flex-shrink:0;--awb-flex-shrink-medium:0;--awb-flex-shrink-small:0;width:104% !important;max-width:104% !important;margin-left: calc(-4% \/ 2 );margin-right: calc(-4% \/ 2 );\"><div class=\"fusion-layout-column fusion_builder_column_inner fusion-builder-nested-column-0 fusion_builder_column_inner_1_1 1_1 fusion-flex-column\" style=\"--awb-bg-size:cover;--awb-width-large:100%;--awb-margin-top-large:0px;--awb-spacing-right-large:1.92%;--awb-margin-bottom-large:20px;--awb-spacing-left-large:1.92%;--awb-width-medium:100%;--awb-order-medium:0;--awb-spacing-right-medium:1.92%;--awb-spacing-left-medium:1.92%;--awb-width-small:100%;--awb-order-small:0;--awb-spacing-right-small:1.92%;--awb-spacing-left-small:1.92%;\" data-scroll-devices=\"small-visibility,medium-visibility,large-visibility\"><div class=\"fusion-column-wrapper fusion-column-has-shadow fusion-flex-justify-content-flex-start fusion-content-layout-column\"><div class=\"fusion-text fusion-text-2\"><h3>Droit des assurances et de la responsabilit\u00e9<\/h3>\n<p>Ponet &amp; LVP Advocaten poss\u00e8dent une expertise approfondie dans tous les aspects du droit de la responsabilit\u00e9 et des assurances.<\/p>\n<p>Avez-vous subi vous-m\u00eame des dommages ou en avez-vous caus\u00e9 ?<br \/>\n\u00cates-vous impliqu\u00e9 dans un sinistre ?<br \/>\nAvez-vous des questions concernant les dommages et int\u00e9r\u00eats qui vous sont demand\u00e9s ou propos\u00e9s ?<br \/>\n\u00cates-vous victime d&rsquo;un incendie ?<br \/>\n\u00cates-vous \u00e0 la recherche d&rsquo;une assurance adapt\u00e9e \u00e0 votre activit\u00e9 professionnelle ?<br \/>\nAvez-vous des doutes concernant les risques que vous devez couvrir en tant que chef d&rsquo;entreprise ?<\/p>\n<p>Nous sommes \u00e0 votre disposition \u00e0 trouver une r\u00e9ponse sur mesure.<\/p>\n<\/div><\/div><\/div><div class=\"fusion-layout-column fusion_builder_column_inner fusion-builder-nested-column-1 fusion_builder_column_inner_1_1 1_1 fusion-flex-column\" style=\"--awb-padding-top:30px;--awb-padding-right:10px;--awb-padding-bottom:30px;--awb-padding-left:10px;--awb-bg-color:var(--awb-color3);--awb-bg-color-hover:var(--awb-color3);--awb-bg-size:cover;--awb-width-large:100%;--awb-margin-top-large:0px;--awb-spacing-right-large:2.88%;--awb-margin-bottom-large:20px;--awb-spacing-left-large:1.92%;--awb-width-medium:100%;--awb-order-medium:0;--awb-spacing-right-medium:2.88%;--awb-spacing-left-medium:1.92%;--awb-width-small:100%;--awb-order-small:0;--awb-spacing-right-small:1.92%;--awb-spacing-left-small:1.92%;\" data-scroll-devices=\"small-visibility,medium-visibility,large-visibility\"><div class=\"fusion-column-wrapper fusion-column-has-shadow fusion-flex-justify-content-flex-start fusion-content-layout-column\"><div class=\"fusion-text fusion-text-3\" style=\"--awb-text-color:var(--awb-color6);--awb-margin-right:20px;--awb-margin-left:20px;--awb-text-font-family:&quot;Nunito Sans&quot;;--awb-text-font-style:normal;--awb-text-font-weight:500;\"><p style=\"font-weight: 400;\">Vous pouvez vous adresser \u00e0 nous pour :<\/p>\n<ul>\n<li>la r\u00e9daction et la r\u00e9vision des polices d&rsquo;assurance<\/li>\n<li>la d\u00e9fense judiciaire et extrajudiciaire des int\u00e9r\u00eats des assureurs, des agents d&rsquo;assurance, des courtiers, des assur\u00e9s (entreprises et particuliers) et des interm\u00e9diaires<\/li>\n<li>conseils et assistance en mati\u00e8re de (r\u00e9)assurance<\/li>\n<li>le traitement des demandes d&rsquo;indemnisation pour une vari\u00e9t\u00e9 de polices d&rsquo;assurance standard (par exemple incendie, automobile, etc.)<\/li>\n<\/ul>\n<\/div><\/div><\/div><div class=\"fusion-layout-column fusion_builder_column_inner fusion-builder-nested-column-2 fusion_builder_column_inner_1_1 1_1 fusion-flex-column\" style=\"--awb-padding-top:30px;--awb-padding-right:10px;--awb-padding-bottom:30px;--awb-padding-left:10px;--awb-bg-color:var(--awb-color3);--awb-bg-color-hover:var(--awb-color3);--awb-bg-size:cover;--awb-width-large:100%;--awb-margin-top-large:0px;--awb-spacing-right-large:2.88%;--awb-margin-bottom-large:20px;--awb-spacing-left-large:1.92%;--awb-width-medium:100%;--awb-order-medium:0;--awb-spacing-right-medium:2.88%;--awb-spacing-left-medium:1.92%;--awb-width-small:100%;--awb-order-small:0;--awb-spacing-right-small:1.92%;--awb-spacing-left-small:1.92%;\" data-scroll-devices=\"small-visibility,medium-visibility,large-visibility\"><div class=\"fusion-column-wrapper fusion-column-has-shadow fusion-flex-justify-content-flex-start fusion-content-layout-column\"><div class=\"fusion-text fusion-text-4\" style=\"--awb-text-color:var(--awb-color6);--awb-margin-right:20px;--awb-margin-left:20px;--awb-text-font-family:&quot;Nunito Sans&quot;;--awb-text-font-style:normal;--awb-text-font-weight:500;\"><p style=\"font-weight: 400;\">En outre, nous avons d\u00e9velopp\u00e9 une comp\u00e9tence particuli\u00e8re dans des domaines tr\u00e8s sp\u00e9cifiques de l&rsquo;assurance :<\/p>\n<ul>\n<li>l&rsquo;assurance de diamants et des objets d&rsquo;art<\/li>\n<li>l&rsquo;assurance bateaux de plaisance<\/li>\n<li>l\u2019assurance maritime<\/li>\n<li>l&rsquo;assurance transport, y compris la police \u00ab\u00a0Antwerpse Goederen Polis\u00a0\u00bb et les \u00ab\u00a0Institute Cargo Clauses\u00a0\u00bb de Londres<\/li>\n<\/ul>\n<\/div><\/div><\/div><\/div><\/div><\/div><div class=\"fusion-layout-column fusion_builder_column fusion-builder-column-2 fusion_builder_column_1_5 1_5 fusion-flex-column\" style=\"--awb-padding-left:15px;--awb-bg-size:cover;--awb-border-color:var(--awb-color6);--awb-border-left:1px;--awb-border-style:solid;--awb-width-large:20%;--awb-margin-top-large:40px;--awb-spacing-right-large:9.6%;--awb-margin-bottom-large:20px;--awb-spacing-left-large:-4.8%;--awb-width-medium:20%;--awb-order-medium:0;--awb-spacing-right-medium:9.6%;--awb-spacing-left-medium:-4.8%;--awb-width-small:100%;--awb-order-small:0;--awb-spacing-right-small:1.92%;--awb-spacing-left-small:1.92%;\" data-scroll-devices=\"small-visibility\"><div class=\"fusion-column-wrapper fusion-column-has-shadow fusion-flex-justify-content-flex-start fusion-content-layout-column\"><div class=\"fusion-text fusion-text-5\" style=\"--awb-font-size:25px;--awb-text-color:var(--awb-color6);--awb-text-font-family:&quot;Nunito Sans&quot;;--awb-text-font-style:normal;--awb-text-font-weight:300;\"><div>\n<p><span lang=\"NL\">Advocats<\/span><\/p>\n<\/div>\n<\/div><div class=\"fusion-text fusion-text-6\"><p><span style=\"font-family: var(--awb-text-font-family); font-size: var(--awb-font-size); font-style: var(--awb-text-font-style); letter-spacing: var(--awb-letter-spacing); text-align: var(--awb-content-alignment); text-transform: var(--awb-text-transform);\"><a href=\"https:\/\/ponet-law.be\/fr\/raf-van-gysel\/\">Raf Van Gysel<\/a><br \/>\n<a href=\"https:\/\/ponet-law.be\/fr\/philip-vanlommel\/\">Philip Vanlommel<\/a><br \/>\n<a href=\"https:\/\/ponet-law.be\/fr\/wendy-verhees\/\">Wendy Verhees<\/a><br \/>\n<a href=\"https:\/\/ponet-law.be\/fr\/erik-nauwelaerts\/\">Erik Nauwelaerts<\/a><br \/>\n<a href=\"https:\/\/ponet-law.be\/fr\/dries-brike\/\">Dries Brik\u00e9<\/a><br \/>\n<a href=\"https:\/\/ponet-law.be\/fr\/nick-vangeneugden\/\">Nick Vangeneugden<\/a><br \/>\n<a href=\"https:\/\/ponet-law.be\/fr\/dorien-verplancke\/\">Dorien Verplancke<\/a><br \/>\n<a style=\"font-family: var(--awb-text-font-family); font-size: var(--awb-font-size); font-style: var(--awb-text-font-style); letter-spacing: var(--awb-letter-spacing); text-align: var(--awb-content-alignment); text-transform: var(--awb-text-transform);\" href=\"https:\/\/ponet-law.be\/fr\/emilie-anckaert\/\">Emilie Anckaert<\/a><br \/>\n<\/span><span style=\"font-family: var(--awb-text-font-family); font-size: var(--awb-font-size); font-style: var(--awb-text-font-style); letter-spacing: var(--awb-letter-spacing); text-align: var(--awb-content-alignment); text-transform: var(--awb-text-transform);\"><a href=\"https:\/\/ponet-law.be\/fr\/laurence-debiere\/\">Laurence Debi\u00e8re<\/a><\/span><\/p>\n<\/div><\/div><\/div><\/div><\/div><\/p>\n","protected":false},"excerpt":{"rendered":"","protected":false},"author":2,"featured_media":0,"parent":0,"menu_order":0,"comment_status":"closed","ping_status":"closed","template":"100-width.php","meta":{"footnotes":""},"class_list":["post-784","page","type-page","status-publish","hentry"],"yoast_head":"<!-- This site is optimized with the Yoast SEO plugin v27.5 - https:\/\/yoast.com\/product\/yoast-seo-wordpress\/ -->\n<title>Droit des assurances et droit de la responsabilit\u00e9 - Advocaat | Advocatenkantoor | Antwerpen<\/title>\n<meta name=\"description\" content=\"\u00c0 la recherche d&#039;un avocat sp\u00e9cialis\u00e9 en droit des assurances ou en responsabilit\u00e9 civile ? Nous d\u00e9fendons les int\u00e9r\u00eats des assureurs, des compagnies d&#039;assurance et des assur\u00e9s. Appelez-nous au +32 (0)3 248 48 40 ou envoyez-nous un courriel : info@ponet-law.be.\" \/>\n<meta name=\"robots\" content=\"index, follow, max-snippet:-1, max-image-preview:large, max-video-preview:-1\" \/>\n<link rel=\"canonical\" href=\"https:\/\/ponet-law.be\/fr\/avocat-droit-des-assurances-responsabilite-anvers\/\" \/>\n<meta property=\"og:locale\" content=\"fr_FR\" \/>\n<meta property=\"og:type\" content=\"article\" \/>\n<meta property=\"og:title\" content=\"Droit des assurances et droit de la responsabilit\u00e9 - Advocaat | Advocatenkantoor | Antwerpen\" \/>\n<meta property=\"og:description\" content=\"\u00c0 la recherche d&#039;un avocat sp\u00e9cialis\u00e9 en droit des assurances ou en responsabilit\u00e9 civile ? Nous d\u00e9fendons les int\u00e9r\u00eats des assureurs, des compagnies d&#039;assurance et des assur\u00e9s. Appelez-nous au +32 (0)3 248 48 40 ou envoyez-nous un courriel : info@ponet-law.be.\" \/>\n<meta property=\"og:url\" content=\"https:\/\/ponet-law.be\/fr\/avocat-droit-des-assurances-responsabilite-anvers\/\" \/>\n<meta property=\"og:site_name\" content=\"Advocaat | Advocatenkantoor | Antwerpen\" \/>\n<meta property=\"article:publisher\" content=\"https:\/\/www.facebook.com\/PonetAdvocaten\/?locale=nl_NL\" \/>\n<meta property=\"article:modified_time\" content=\"2025-07-23T15:29:05+00:00\" \/>\n<meta property=\"og:image\" content=\"https:\/\/ponet-law.be\/wp-content\/uploads\/2023\/11\/Logo-EPS-ponet-lvp-400-03.png\" \/>\n\t<meta property=\"og:image:width\" content=\"400\" \/>\n\t<meta property=\"og:image:height\" content=\"112\" \/>\n\t<meta property=\"og:image:type\" content=\"image\/png\" \/>\n<meta name=\"twitter:card\" content=\"summary_large_image\" \/>\n<meta name=\"twitter:label1\" content=\"Dur\u00e9e de lecture estim\u00e9e\" \/>\n\t<meta name=\"twitter:data1\" content=\"2 minutes\" \/>\n<script type=\"application\/ld+json\" class=\"yoast-schema-graph\">{\"@context\":\"https:\\\/\\\/schema.org\",\"@graph\":[{\"@type\":\"WebPage\",\"@id\":\"https:\\\/\\\/ponet-law.be\\\/fr\\\/avocat-droit-des-assurances-responsabilite-anvers\\\/\",\"url\":\"https:\\\/\\\/ponet-law.be\\\/fr\\\/avocat-droit-des-assurances-responsabilite-anvers\\\/\",\"name\":\"Droit des assurances et droit de la responsabilit\u00e9 - Advocaat | Advocatenkantoor | Antwerpen\",\"isPartOf\":{\"@id\":\"https:\\\/\\\/ponet-law.be\\\/fr\\\/#website\"},\"datePublished\":\"2023-11-03T14:50:18+00:00\",\"dateModified\":\"2025-07-23T15:29:05+00:00\",\"description\":\"\u00c0 la recherche d'un avocat sp\u00e9cialis\u00e9 en droit des assurances ou en responsabilit\u00e9 civile ? Nous d\u00e9fendons les int\u00e9r\u00eats des assureurs, des compagnies d'assurance et des assur\u00e9s. Appelez-nous au +32 (0)3 248 48 40 ou envoyez-nous un courriel : info@ponet-law.be.\",\"breadcrumb\":{\"@id\":\"https:\\\/\\\/ponet-law.be\\\/fr\\\/avocat-droit-des-assurances-responsabilite-anvers\\\/#breadcrumb\"},\"inLanguage\":\"fr-FR\",\"potentialAction\":[{\"@type\":\"ReadAction\",\"target\":[\"https:\\\/\\\/ponet-law.be\\\/fr\\\/avocat-droit-des-assurances-responsabilite-anvers\\\/\"]}]},{\"@type\":\"BreadcrumbList\",\"@id\":\"https:\\\/\\\/ponet-law.be\\\/fr\\\/avocat-droit-des-assurances-responsabilite-anvers\\\/#breadcrumb\",\"itemListElement\":[{\"@type\":\"ListItem\",\"position\":1,\"name\":\"Home\",\"item\":\"https:\\\/\\\/ponet-law.be\\\/fr\\\/\"},{\"@type\":\"ListItem\",\"position\":2,\"name\":\"Droit des assurances et droit de la responsabilit\u00e9\"}]},{\"@type\":\"WebSite\",\"@id\":\"https:\\\/\\\/ponet-law.be\\\/fr\\\/#website\",\"url\":\"https:\\\/\\\/ponet-law.be\\\/fr\\\/\",\"name\":\"Advocaat | Advocatenkantoor | Antwerpen\",\"description\":\"Sterk in juridisch maatwerk\",\"publisher\":{\"@id\":\"https:\\\/\\\/ponet-law.be\\\/fr\\\/#organization\"},\"alternateName\":\"Ponet & LVP\",\"potentialAction\":[{\"@type\":\"SearchAction\",\"target\":{\"@type\":\"EntryPoint\",\"urlTemplate\":\"https:\\\/\\\/ponet-law.be\\\/fr\\\/?s={search_term_string}\"},\"query-input\":{\"@type\":\"PropertyValueSpecification\",\"valueRequired\":true,\"valueName\":\"search_term_string\"}}],\"inLanguage\":\"fr-FR\"},{\"@type\":\"Organization\",\"@id\":\"https:\\\/\\\/ponet-law.be\\\/fr\\\/#organization\",\"name\":\"PONET & LVP ADVOCATEN\",\"alternateName\":\"Advocaten | Advocatenkantoor | Antwerpen\",\"url\":\"https:\\\/\\\/ponet-law.be\\\/fr\\\/\",\"logo\":{\"@type\":\"ImageObject\",\"inLanguage\":\"fr-FR\",\"@id\":\"https:\\\/\\\/ponet-law.be\\\/fr\\\/#\\\/schema\\\/logo\\\/image\\\/\",\"url\":\"https:\\\/\\\/ponet-law.be\\\/wp-content\\\/uploads\\\/2023\\\/11\\\/Logo-EPS-ponet-lvp-800-03.png\",\"contentUrl\":\"https:\\\/\\\/ponet-law.be\\\/wp-content\\\/uploads\\\/2023\\\/11\\\/Logo-EPS-ponet-lvp-800-03.png\",\"width\":800,\"height\":223,\"caption\":\"PONET & LVP ADVOCATEN\"},\"image\":{\"@id\":\"https:\\\/\\\/ponet-law.be\\\/fr\\\/#\\\/schema\\\/logo\\\/image\\\/\"},\"sameAs\":[\"https:\\\/\\\/www.facebook.com\\\/PonetAdvocaten\\\/?locale=nl_NL\",\"https:\\\/\\\/www.linkedin.com\\\/company\\\/ponet-lvp-advocaten\\\/\"]}]}<\/script>\n<!-- \/ Yoast SEO plugin. -->","yoast_head_json":{"title":"Droit des assurances et droit de la responsabilit\u00e9 - Advocaat | Advocatenkantoor | Antwerpen","description":"\u00c0 la recherche d'un avocat sp\u00e9cialis\u00e9 en droit des assurances ou en responsabilit\u00e9 civile ? Nous d\u00e9fendons les int\u00e9r\u00eats des assureurs, des compagnies d'assurance et des assur\u00e9s. Appelez-nous au +32 (0)3 248 48 40 ou envoyez-nous un courriel : info@ponet-law.be.","robots":{"index":"index","follow":"follow","max-snippet":"max-snippet:-1","max-image-preview":"max-image-preview:large","max-video-preview":"max-video-preview:-1"},"canonical":"https:\/\/ponet-law.be\/fr\/avocat-droit-des-assurances-responsabilite-anvers\/","og_locale":"fr_FR","og_type":"article","og_title":"Droit des assurances et droit de la responsabilit\u00e9 - Advocaat | Advocatenkantoor | Antwerpen","og_description":"\u00c0 la recherche d'un avocat sp\u00e9cialis\u00e9 en droit des assurances ou en responsabilit\u00e9 civile ? Nous d\u00e9fendons les int\u00e9r\u00eats des assureurs, des compagnies d'assurance et des assur\u00e9s. Appelez-nous au +32 (0)3 248 48 40 ou envoyez-nous un courriel : info@ponet-law.be.","og_url":"https:\/\/ponet-law.be\/fr\/avocat-droit-des-assurances-responsabilite-anvers\/","og_site_name":"Advocaat | Advocatenkantoor | Antwerpen","article_publisher":"https:\/\/www.facebook.com\/PonetAdvocaten\/?locale=nl_NL","article_modified_time":"2025-07-23T15:29:05+00:00","og_image":[{"width":400,"height":112,"url":"https:\/\/ponet-law.be\/wp-content\/uploads\/2023\/11\/Logo-EPS-ponet-lvp-400-03.png","type":"image\/png"}],"twitter_card":"summary_large_image","twitter_misc":{"Dur\u00e9e de lecture estim\u00e9e":"2 minutes"},"schema":{"@context":"https:\/\/schema.org","@graph":[{"@type":"WebPage","@id":"https:\/\/ponet-law.be\/fr\/avocat-droit-des-assurances-responsabilite-anvers\/","url":"https:\/\/ponet-law.be\/fr\/avocat-droit-des-assurances-responsabilite-anvers\/","name":"Droit des assurances et droit de la responsabilit\u00e9 - Advocaat | Advocatenkantoor | Antwerpen","isPartOf":{"@id":"https:\/\/ponet-law.be\/fr\/#website"},"datePublished":"2023-11-03T14:50:18+00:00","dateModified":"2025-07-23T15:29:05+00:00","description":"\u00c0 la recherche d'un avocat sp\u00e9cialis\u00e9 en droit des assurances ou en responsabilit\u00e9 civile ? Nous d\u00e9fendons les int\u00e9r\u00eats des assureurs, des compagnies d'assurance et des assur\u00e9s. Appelez-nous au +32 (0)3 248 48 40 ou envoyez-nous un courriel : info@ponet-law.be.","breadcrumb":{"@id":"https:\/\/ponet-law.be\/fr\/avocat-droit-des-assurances-responsabilite-anvers\/#breadcrumb"},"inLanguage":"fr-FR","potentialAction":[{"@type":"ReadAction","target":["https:\/\/ponet-law.be\/fr\/avocat-droit-des-assurances-responsabilite-anvers\/"]}]},{"@type":"BreadcrumbList","@id":"https:\/\/ponet-law.be\/fr\/avocat-droit-des-assurances-responsabilite-anvers\/#breadcrumb","itemListElement":[{"@type":"ListItem","position":1,"name":"Home","item":"https:\/\/ponet-law.be\/fr\/"},{"@type":"ListItem","position":2,"name":"Droit des assurances et droit de la responsabilit\u00e9"}]},{"@type":"WebSite","@id":"https:\/\/ponet-law.be\/fr\/#website","url":"https:\/\/ponet-law.be\/fr\/","name":"Advocaat | Advocatenkantoor | Antwerpen","description":"Sterk in juridisch maatwerk","publisher":{"@id":"https:\/\/ponet-law.be\/fr\/#organization"},"alternateName":"Ponet & LVP","potentialAction":[{"@type":"SearchAction","target":{"@type":"EntryPoint","urlTemplate":"https:\/\/ponet-law.be\/fr\/?s={search_term_string}"},"query-input":{"@type":"PropertyValueSpecification","valueRequired":true,"valueName":"search_term_string"}}],"inLanguage":"fr-FR"},{"@type":"Organization","@id":"https:\/\/ponet-law.be\/fr\/#organization","name":"PONET & LVP ADVOCATEN","alternateName":"Advocaten | Advocatenkantoor | Antwerpen","url":"https:\/\/ponet-law.be\/fr\/","logo":{"@type":"ImageObject","inLanguage":"fr-FR","@id":"https:\/\/ponet-law.be\/fr\/#\/schema\/logo\/image\/","url":"https:\/\/ponet-law.be\/wp-content\/uploads\/2023\/11\/Logo-EPS-ponet-lvp-800-03.png","contentUrl":"https:\/\/ponet-law.be\/wp-content\/uploads\/2023\/11\/Logo-EPS-ponet-lvp-800-03.png","width":800,"height":223,"caption":"PONET & LVP ADVOCATEN"},"image":{"@id":"https:\/\/ponet-law.be\/fr\/#\/schema\/logo\/image\/"},"sameAs":["https:\/\/www.facebook.com\/PonetAdvocaten\/?locale=nl_NL","https:\/\/www.linkedin.com\/company\/ponet-lvp-advocaten\/"]}]}},"_links":{"self":[{"href":"https:\/\/ponet-law.be\/fr\/wp-json\/wp\/v2\/pages\/784","targetHints":{"allow":["GET"]}}],"collection":[{"href":"https:\/\/ponet-law.be\/fr\/wp-json\/wp\/v2\/pages"}],"about":[{"href":"https:\/\/ponet-law.be\/fr\/wp-json\/wp\/v2\/types\/page"}],"author":[{"embeddable":true,"href":"https:\/\/ponet-law.be\/fr\/wp-json\/wp\/v2\/users\/2"}],"replies":[{"embeddable":true,"href":"https:\/\/ponet-law.be\/fr\/wp-json\/wp\/v2\/comments?post=784"}],"version-history":[{"count":0,"href":"https:\/\/ponet-law.be\/fr\/wp-json\/wp\/v2\/pages\/784\/revisions"}],"wp:attachment":[{"href":"https:\/\/ponet-law.be\/fr\/wp-json\/wp\/v2\/media?parent=784"}],"curies":[{"name":"wp","href":"https:\/\/api.w.org\/{rel}","templated":true}]}}